{"id":45,"date":"2025-04-21T10:15:29","date_gmt":"2025-04-21T10:15:29","guid":{"rendered":"https:\/\/quatstudio.com\/uniquesmile\/?page_id=45"},"modified":"2026-03-02T14:30:02","modified_gmt":"2026-03-02T14:30:02","slug":"oclusao-dentaria","status":"publish","type":"page","link":"https:\/\/quatstudio.com\/uniquesmile\/tratamentos-dentarios\/oclusao-dentaria\/","title":{"rendered":"Oclus\u00e3o Dent\u00e1ria"},"content":{"rendered":"<div class=\"et_pb_section_0 et_pb_section et_section_regular et_block_section\"><div class=\"et_pb_row_0 et_pb_row et_block_row\"><div class=\"et_pb_column_0 et_pb_column et_pb_column_4_4 et-last-child et_block_column et_pb_css_mix_blend_mode_passthrough\"><div class=\"et_pb_text_0 et_pb_text et_pb_bg_layout_light et_pb_module et_block_module\"><div class=\"et_pb_text_inner\"><h2><strong>O que \u00e9 a Oclus\u00e3o Dent\u00e1ria?<\/strong><\/h2>\n<\/div><\/div><div class=\"et_pb_image_0 et_pb_image et_pb_module et_block_module\"><span class=\"et_pb_image_wrap\"><img loading=\"lazy\" decoding=\"async\" src=\"https:\/\/quatstudio.com\/uniquesmile\/wp-content\/uploads\/2025\/06\/Unique-Smile-oclusao-dentaria-2.jpg\" width=\"800\" height=\"450\" srcset=\"https:\/\/quatstudio.com\/uniquesmile\/wp-content\/uploads\/2025\/06\/Unique-Smile-oclusao-dentaria-2.jpg 800w, https:\/\/quatstudio.com\/uniquesmile\/wp-content\/uploads\/2025\/06\/Unique-Smile-oclusao-dentaria-2-480x270.jpg 480w\" sizes=\"(min-width: 0px) and (max-width: 480px) 480px, (min-width: 481px) 800px, 100vw\" class=\"wp-image-4454\" title=\"Unique-Smile---oclusa\u0303o-denta\u0301ria-2\" alt=\"Unique Smile - oclusa\u0303o denta\u0301ria\" \/><\/span><\/div><div class=\"et_pb_text_1 et_pb_text et_pb_bg_layout_light et_pb_module et_block_module\"><div class=\"et_pb_text_inner\"><p><span>Oclus\u00e3o dent\u00e1ria \u00e9 o contato dos dentes superiores com os inferiores ao fechar a boca. Em condi\u00e7\u00f5es normais, os dentes superiores devem cobrir ligeiramente os inferiores, ou seja, o arco dent\u00e1rio superior deve ser um pouco maior que o inferior. Qualquer altera\u00e7\u00e3o nesse mecanismo \u00e9 chamada de m\u00e1 oclus\u00e3o dent\u00e1ria e pode trazer danos significativos para os dentes, gengivas, ossos, m\u00fasculos, ligamentos e articula\u00e7\u00f5es.<\/span><\/p>\n<h3><\/h3>\n<h3>Os principais tipos de oclus\u00e3o dent\u00e1ria s\u00e3o:<\/h3>\n<p>\u25cf<span>\u00a0<\/span><strong>Classe 1<\/strong>: Oclus\u00e3o normal, no qual o arco dent\u00e1rio superior encaixa-se perfeitamente com o arco dent\u00e1rio inferior;<\/p>\n<p>\u25cf<span>\u00a0<\/span><strong>Classe 2<\/strong>: a pessoa parece n\u00e3o ter queixo, pois o arco dent\u00e1rio superior \u00e9 muito maior que o arco inferior.<\/p>\n<p>\u25cf<span>\u00a0<\/span><strong>Classe 3<\/strong>: o queixo parece muito grande, pois o arco dent\u00e1rio superior \u00e9 bem menor que o inferior.<\/p>\n<h3><strong><\/strong><\/h3>\n<h3><strong>Principais problemas que a m\u00e1 oclus\u00e3o pode causar<\/strong><\/h3>\n<p>\u25cf Dores e cansa\u00e7o dos m\u00fasculos da face;<br \/>\u25cf Dores e dificuldades mastigat\u00f3rias;<br \/>\u25cf Estalido na abertura e\/ou fecho da boca;<br \/>\u25cf Dificuldade de abertura e\/ou fecho da boca;<br \/>\u25cf Dores de cabe\u00e7a ou pesco\u00e7o;<br \/>\u25cf Desgaste dent\u00e1rio;<br \/>\u25cf Zumbido nos ouvidos;<br \/>\u25cf Disfun\u00e7\u00e3o da Articula\u00e7\u00e3o Temporo-Mandibular (ATM).<\/p>\n<h3><strong><\/strong><\/h3>\n<h3><strong>O que \u00e9 a Articula\u00e7\u00e3o Temporo-Mandibular<\/strong><\/h3>\n<p>A (ATM), disfun\u00e7\u00e3o da articula\u00e7\u00e3o temporo-mandibular \u00e9 definida como um conjunto de dist\u00farbios que envolvem os m\u00fasculos mastigat\u00f3rios, a articula\u00e7\u00e3o temporo-mandibular e estruturas associadas.<br \/>Localizada junto ao ouvido, a articula\u00e7\u00e3o temporo-mandibular estabelece a uni\u00e3o da mand\u00edbula com o cr\u00e2nio.<br \/>As disfun\u00e7\u00f5es desta articula\u00e7\u00e3o est\u00e3o, regra geral relacionadas com problemas de posicionamento dent\u00e1rio que provocam desequil\u00edbrio nas articula\u00e7\u00f5es, m\u00fasculos e ligamentos.<\/p>\n<\/div><\/div><\/div><\/div><\/div>","protected":false},"excerpt":{"rendered":"","protected":false},"author":1,"featured_media":0,"parent":2373,"menu_order":0,"comment_status":"closed","ping_status":"closed","template":"","meta":{"_acf_changed":false,"inline_featured_image":false,"footnotes":""},"class_list":["post-45","page","type-page","status-publish","hentry"],"acf":[],"_links":{"self":[{"href":"https:\/\/quatstudio.com\/uniquesmile\/wp-json\/wp\/v2\/pages\/45","targetHints":{"allow":["GET"]}}],"collection":[{"href":"https:\/\/quatstudio.com\/uniquesmile\/wp-json\/wp\/v2\/pages"}],"about":[{"href":"https:\/\/quatstudio.com\/uniquesmile\/wp-json\/wp\/v2\/types\/page"}],"author":[{"embeddable":true,"href":"https:\/\/quatstudio.com\/uniquesmile\/wp-json\/wp\/v2\/users\/1"}],"replies":[{"embeddable":true,"href":"https:\/\/quatstudio.com\/uniquesmile\/wp-json\/wp\/v2\/comments?post=45"}],"version-history":[{"count":11,"href":"https:\/\/quatstudio.com\/uniquesmile\/wp-json\/wp\/v2\/pages\/45\/revisions"}],"predecessor-version":[{"id":28770,"href":"https:\/\/quatstudio.com\/uniquesmile\/wp-json\/wp\/v2\/pages\/45\/revisions\/28770"}],"up":[{"embeddable":true,"href":"https:\/\/quatstudio.com\/uniquesmile\/wp-json\/wp\/v2\/pages\/2373"}],"wp:attachment":[{"href":"https:\/\/quatstudio.com\/uniquesmile\/wp-json\/wp\/v2\/media?parent=45"}],"curies":[{"name":"wp","href":"https:\/\/api.w.org\/{rel}","templated":true}]}}